{"id":3514,"date":"2019-03-05T12:54:26","date_gmt":"2019-03-05T11:54:26","guid":{"rendered":"http:\/\/wp2019.arahf.be\/?page_id=3514"},"modified":"2026-02-03T18:12:23","modified_gmt":"2026-02-03T17:12:23","slug":"sinscrire","status":"publish","type":"page","link":"https:\/\/www.arahf.be\/?page_id=3514","title":{"rendered":"S&#8217;INSCRIRE"},"content":{"rendered":"<p>[vc_row css=&#8221;.vc_custom_1567244873230{margin-top: 0px !important;margin-bottom: 0px !important;border-top-width: 0px !important;border-bottom-width: 0px !important;padding-top: 0px !important;padding-bottom: 0px !important;}&#8221;][vc_column][vc_column_text]<\/p>\n<section id=\"block-system-main\" class=\"block block-system clearfix\">\n<div id=\"node-115\" class=\"node node-page clearfix\">\n<h3><span style=\"color: #000000; font-family: georgia, palatino, serif;\"><strong><span style=\"font-size: 12pt;\">L&#8217;inscription en primaire peut se faire \u00e0 tout moment de l&#8217;ann\u00e9e, aupr\u00e8s de la directrice du fondamental.<\/span><\/strong><\/span><\/h3>\n<p><span style=\"font-family: georgia, palatino, serif; font-size: 12pt; color: #000000;\"><strong>L&#8217;inscription en premi\u00e8re secondaire<\/strong> est soumise au d\u00e9cret Inscriptions de la F\u00e9d\u00e9ration Wallonie-Bruxelles.<\/span><\/p>\n<div class=\"x11i5rnm xat24cr x1mh8g0r x1vvkbs xtlvy1s x126k92a\">\n<p><span style=\"font-family: georgia, palatino, serif;\">La premi\u00e8re phase se d\u00e9roule du 02 f\u00e9vrier 2026\u00a0au 6 mars 2026 inclus. Durant cette p\u00e9riode vous pouvez venir inscrire votre enfant sans rendez-vous entre 8h30 et 16h.\u00a0Attention , durant les vacances scolaires,\u00a0\u00a0il ne sera pas possible de s\u2019inscrire.\u00a0N\u2019oubliez pas de vous munir de votre FUI\u00a0\u00a0et de la carte d\u2019identit\u00e9 de votre enfant.<\/span><\/p>\n<div class=\"x11i5rnm xat24cr x1mh8g0r x1vvkbs xtlvy1s x126k92a\"><span style=\"font-family: georgia, palatino, serif;\">Les inscriptions reprennent\u00a0<b>\u00e0 partir de la mi avril<\/b>.\u00a0\u00c0 partir de cette date, les inscriptions sont enregistr\u00e9es par ordre chronologique (premier arriv\u00e9, premier inscrit) et \u00e0 la suite de celles introduites durant la premi\u00e8re p\u00e9riode d\u2019inscription.\u00a0Vous pouvez venir inscrire votre enfant tous les jours entre 8h30 et 16h00 et le mercredi jusqu\u2019\u00e0 12h45.<\/span><\/div>\n<\/div>\n<div class=\"x11i5rnm xat24cr x1mh8g0r x1vvkbs xtlvy1s x126k92a\">\n<div dir=\"auto\"><\/div>\n<div dir=\"auto\"><span style=\"font-family: georgia, palatino, serif;\">N\u2019h\u00e9sitez pas \u00e0 prendre rendez-vous avec la direction via direction@arahf.be<\/span><\/div>\n<\/div>\n<p><span style=\"font-family: georgia, palatino, serif;\">Vous pouvez aussi venir vous inscrire et\/ou visiter l&#8217;\u00e9cole<strong> le samedi 7 f\u00e9vrier 2026 lors de notre journ\u00e9e portes ouvertes.<\/strong><\/span><\/p>\n<p><span style=\"font-family: georgia, palatino, serif; font-size: 12pt; color: #000000;\">Chaque parent re\u00e7oit via la direction de l&#8217;\u00e9cole fondamentale o\u00f9 est inscrit son enfant un formulaire d&#8217;inscription unique (FUI).<\/span><br \/>\n<span style=\"font-family: georgia, palatino, serif; font-size: 12pt; color: #000000;\">Les p\u00e9riodes sont fix\u00e9es chaque ann\u00e9e en deux p\u00e9riodes.<\/span><\/p>\n<p><span style=\"font-family: georgia, palatino, serif; font-size: 12pt; color: #000000;\">Lors de la deuxi\u00e8me p\u00e9riode, les inscriptions se font alors de mani\u00e8re chronologique.<\/span><\/p>\n<p><span style=\"color: #000000; font-family: georgia, palatino, serif;\">N&#8217;h\u00e9sitez pas \u00e0 contacter la direction (direction@arahf.be) pour vous guider ou conseiller dans vos d\u00e9marches.<\/span><\/p>\n<h3><span style=\"color: #000000;\"><strong>Enseignement fondamental \u00e0 Stavelot<\/strong><\/span><\/h3>\n<p><span style=\"color: #000000;\"><strong>Directrice<br \/>\n<\/strong>Mme Kalavasis<\/span><\/p>\n<p><span style=\"color: #000000;\"><strong>T\u00e9l.<\/strong> 080 29 12 01<\/span><br \/>\n<span style=\"color: #000000;\"><strong>Fax :<\/strong> 080 88 03 65<\/span><br \/>\n<span style=\"color: #000000;\"><strong>E-Mail:<\/strong> fondamental.stavelot@arahf.be<\/span><\/p>\n<h3><span style=\"color: #000000;\"><strong>Enseignement secondaire \u00e0 Stavelot<\/strong>.<\/span><\/h3>\n<p><span style=\"color: #000000;\"><strong>Le secr\u00e9tariat est ouvert :<\/strong><\/span><\/p>\n<ul>\n<li><span style=\"color: #000000;\">lundi, mardi, jeudi, vendredi de 8h00 \u00e0 16h00<\/span><\/li>\n<li><span style=\"color: #000000;\">mecredi de 8h00 \u00e0 12h30<\/span><\/li>\n<li><span style=\"color: #000000;\">Pour contacter le secr\u00e9tariat: secretariat@arahf.be<\/span><\/li>\n<\/ul>\n<hr \/>\n<p><span style=\"color: #000000;\"><strong>Proviseur<\/strong><\/span><br \/>\n<span style=\"color: #000000;\">Mme S. Servais<\/span><\/p>\n<p><span style=\"color: #000000;\"><strong>T\u00e9l.\u00a0<\/strong> 080 29 12 00<\/span><br \/>\n<span style=\"color: #000000;\"><strong>Fax:<\/strong> 080 88 03 65<\/span><br \/>\n<span style=\"color: #000000;\"><strong>E-Mail<\/strong>: proviseur@arahf.be<\/span><\/p>\n<hr \/>\n<h3><span style=\"color: #000000;\"><strong>Enseignement fondamental \u00e0 Malmedy<\/strong><\/span><\/h3>\n<p><span style=\"color: #000000;\"><strong>Directrice<\/strong><\/span><br \/>\n<span style=\"color: #000000;\">Mme Julie Frusch<\/span><\/p>\n<p><span style=\"color: #000000;\"><strong>T\u00e9l.<\/strong> 080 79 11 25<\/span><br \/>\n<span style=\"color: #000000;\"><strong>Fax<\/strong> : 080 79 11 24<\/span><br \/>\n<span style=\"color: #000000;\"><strong>E-Mail<\/strong>: fondamental.malmedy@arahf.be<\/span><\/p>\n<hr \/>\n<h3><span style=\"color: #000000;\"><strong>Enseignement secondaire \u00e0 Malmedy<\/strong>.<\/span><\/h3>\n<p><span style=\"color: #000000;\"><strong>Le secr\u00e9tariat est ouvert :<\/strong><\/span><\/p>\n<ul>\n<li><span style=\"color: #000000;\">lundi, mardi, jeudi, vendredi de 8h00 \u00e0 16h15<\/span><\/li>\n<li><span style=\"color: #000000;\">mecredi de 8h00 \u00e0 12h30<\/span><\/li>\n<li><span style=\"color: #000000;\">pour contacter le secr\u00e9tariat: secretariat@arahf.be<\/span><\/li>\n<\/ul>\n<hr \/>\n<p><span style=\"color: #000000;\"><strong>Pr\u00e9f\u00e8te des Etudes<br \/>\n<\/strong>Mme V. Leblan<\/span><\/p>\n<p><span style=\"color: #000000;\"><strong>T\u00e9l.\u00a0<\/strong> 080 79 11 22<\/span><br \/>\n<span style=\"color: #000000;\"><strong>Fax :<\/strong> 080 88 03 65<\/span><\/p>\n<p><span style=\"color: #000000;\"><strong>E-Mail<\/strong>: direction@arahf.be<\/span><\/p>\n<p><span style=\"color: #000000;\"><strong>E-Mail \u00e9ducateurs<\/strong>: educateurs@arahf.be<\/span><\/p>\n<table style=\"border-collapse: collapse; width: 100%;\">\n<tbody>\n<tr>\n<td style=\"width: 100%;\"><\/td>\n<\/tr>\n<\/tbody>\n<\/table>\n<p>&nbsp;<\/p>\n<\/div>\n<\/section>\n<p>[\/vc_column_text][\/vc_column][\/vc_row]<\/p>\n","protected":false},"excerpt":{"rendered":"<p>[vc_row css=&#8221;.vc_custom_1567244873230{margin-top: 0px !important;margin-bottom: 0px !important;border-top-width: 0px !important;border-bottom-width: 0px !important;padding-top: 0px !important;padding-bottom: 0px !important;}&#8221;][vc_column][vc_column_text] L&#8217;inscription en primaire peut se faire \u00e0 tout moment de l&#8217;ann\u00e9e, aupr\u00e8s de la directrice du fondamental. L&#8217;inscription en premi\u00e8re secondaire est soumise au d\u00e9cret Inscriptions de la F\u00e9d\u00e9ration Wallonie-Bruxelles. La premi\u00e8re phase se d\u00e9roule du 02 f\u00e9vrier 2026\u00a0au 6 mars [&hellip;]<\/p>\n","protected":false},"author":1,"featured_media":0,"parent":0,"menu_order":0,"comment_status":"closed","ping_status":"closed","template":"","meta":{"content-type":"","om_disable_all_campaigns":false,"footnotes":""},"class_list":["post-3514","page","type-page","status-publish","hentry"],"yoast_head":"<!-- This site is optimized with the Yoast SEO plugin v27.5 - https:\/\/yoast.com\/product\/yoast-seo-wordpress\/ -->\n<title>S&#039;INSCRIRE - Bienvenue \u00e0 l&#039;ARAHF<\/title>\n<meta name=\"robots\" content=\"index, follow, max-snippet:-1, max-image-preview:large, max-video-preview:-1\" \/>\n<link rel=\"canonical\" href=\"https:\/\/www.arahf.be\/?page_id=3514\" \/>\n<meta property=\"og:locale\" content=\"fr_FR\" \/>\n<meta property=\"og:type\" content=\"article\" \/>\n<meta property=\"og:title\" content=\"S&#039;INSCRIRE - Bienvenue \u00e0 l&#039;ARAHF\" \/>\n<meta property=\"og:description\" content=\"[vc_row css=&#8221;.vc_custom_1567244873230{margin-top: 0px !important;margin-bottom: 0px !important;border-top-width: 0px !important;border-bottom-width: 0px !important;padding-top: 0px !important;padding-bottom: 0px !important;}&#8221;][vc_column][vc_column_text] L&#8217;inscription en primaire peut se faire \u00e0 tout moment de l&#8217;ann\u00e9e, aupr\u00e8s de la directrice du fondamental. L&#8217;inscription en premi\u00e8re secondaire est soumise au d\u00e9cret Inscriptions de la F\u00e9d\u00e9ration Wallonie-Bruxelles. La premi\u00e8re phase se d\u00e9roule du 02 f\u00e9vrier 2026\u00a0au 6 mars [&hellip;]\" \/>\n<meta property=\"og:url\" content=\"https:\/\/www.arahf.be\/?page_id=3514\" \/>\n<meta property=\"og:site_name\" content=\"Bienvenue \u00e0 l&#039;ARAHF\" \/>\n<meta property=\"article:modified_time\" content=\"2026-02-03T17:12:23+00:00\" \/>\n<meta name=\"twitter:card\" content=\"summary_large_image\" \/>\n<meta name=\"twitter:label1\" content=\"Dur\u00e9e de lecture estim\u00e9e\" \/>\n\t<meta name=\"twitter:data1\" content=\"2 minutes\" \/>\n<script type=\"application\/ld+json\" class=\"yoast-schema-graph\">{\"@context\":\"https:\\\/\\\/schema.org\",\"@graph\":[{\"@type\":\"WebPage\",\"@id\":\"https:\\\/\\\/www.arahf.be\\\/?page_id=3514\",\"url\":\"https:\\\/\\\/www.arahf.be\\\/?page_id=3514\",\"name\":\"S'INSCRIRE - Bienvenue \u00e0 l&#039;ARAHF\",\"isPartOf\":{\"@id\":\"https:\\\/\\\/www.arahf.be\\\/#website\"},\"datePublished\":\"2019-03-05T11:54:26+00:00\",\"dateModified\":\"2026-02-03T17:12:23+00:00\",\"breadcrumb\":{\"@id\":\"https:\\\/\\\/www.arahf.be\\\/?page_id=3514#breadcrumb\"},\"inLanguage\":\"fr-FR\",\"potentialAction\":[{\"@type\":\"ReadAction\",\"target\":[\"https:\\\/\\\/www.arahf.be\\\/?page_id=3514\"]}]},{\"@type\":\"BreadcrumbList\",\"@id\":\"https:\\\/\\\/www.arahf.be\\\/?page_id=3514#breadcrumb\",\"itemListElement\":[{\"@type\":\"ListItem\",\"position\":1,\"name\":\"Accueil\",\"item\":\"https:\\\/\\\/www.arahf.be\\\/\"},{\"@type\":\"ListItem\",\"position\":2,\"name\":\"S&#8217;INSCRIRE\"}]},{\"@type\":\"WebSite\",\"@id\":\"https:\\\/\\\/www.arahf.be\\\/#website\",\"url\":\"https:\\\/\\\/www.arahf.be\\\/\",\"name\":\"Bienvenue \u00e0 l&#039;ARAHF\",\"description\":\"\",\"potentialAction\":[{\"@type\":\"SearchAction\",\"target\":{\"@type\":\"EntryPoint\",\"urlTemplate\":\"https:\\\/\\\/www.arahf.be\\\/?s={search_term_string}\"},\"query-input\":{\"@type\":\"PropertyValueSpecification\",\"valueRequired\":true,\"valueName\":\"search_term_string\"}}],\"inLanguage\":\"fr-FR\"}]}<\/script>\n<!-- \/ Yoast SEO plugin. -->","yoast_head_json":{"title":"S'INSCRIRE - Bienvenue \u00e0 l&#039;ARAHF","robots":{"index":"index","follow":"follow","max-snippet":"max-snippet:-1","max-image-preview":"max-image-preview:large","max-video-preview":"max-video-preview:-1"},"canonical":"https:\/\/www.arahf.be\/?page_id=3514","og_locale":"fr_FR","og_type":"article","og_title":"S'INSCRIRE - Bienvenue \u00e0 l&#039;ARAHF","og_description":"[vc_row css=&#8221;.vc_custom_1567244873230{margin-top: 0px !important;margin-bottom: 0px !important;border-top-width: 0px !important;border-bottom-width: 0px !important;padding-top: 0px !important;padding-bottom: 0px !important;}&#8221;][vc_column][vc_column_text] L&#8217;inscription en primaire peut se faire \u00e0 tout moment de l&#8217;ann\u00e9e, aupr\u00e8s de la directrice du fondamental. L&#8217;inscription en premi\u00e8re secondaire est soumise au d\u00e9cret Inscriptions de la F\u00e9d\u00e9ration Wallonie-Bruxelles. La premi\u00e8re phase se d\u00e9roule du 02 f\u00e9vrier 2026\u00a0au 6 mars [&hellip;]","og_url":"https:\/\/www.arahf.be\/?page_id=3514","og_site_name":"Bienvenue \u00e0 l&#039;ARAHF","article_modified_time":"2026-02-03T17:12:23+00:00","twitter_card":"summary_large_image","twitter_misc":{"Dur\u00e9e de lecture estim\u00e9e":"2 minutes"},"schema":{"@context":"https:\/\/schema.org","@graph":[{"@type":"WebPage","@id":"https:\/\/www.arahf.be\/?page_id=3514","url":"https:\/\/www.arahf.be\/?page_id=3514","name":"S'INSCRIRE - Bienvenue \u00e0 l&#039;ARAHF","isPartOf":{"@id":"https:\/\/www.arahf.be\/#website"},"datePublished":"2019-03-05T11:54:26+00:00","dateModified":"2026-02-03T17:12:23+00:00","breadcrumb":{"@id":"https:\/\/www.arahf.be\/?page_id=3514#breadcrumb"},"inLanguage":"fr-FR","potentialAction":[{"@type":"ReadAction","target":["https:\/\/www.arahf.be\/?page_id=3514"]}]},{"@type":"BreadcrumbList","@id":"https:\/\/www.arahf.be\/?page_id=3514#breadcrumb","itemListElement":[{"@type":"ListItem","position":1,"name":"Accueil","item":"https:\/\/www.arahf.be\/"},{"@type":"ListItem","position":2,"name":"S&#8217;INSCRIRE"}]},{"@type":"WebSite","@id":"https:\/\/www.arahf.be\/#website","url":"https:\/\/www.arahf.be\/","name":"Bienvenue \u00e0 l&#039;ARAHF","description":"","potentialAction":[{"@type":"SearchAction","target":{"@type":"EntryPoint","urlTemplate":"https:\/\/www.arahf.be\/?s={search_term_string}"},"query-input":{"@type":"PropertyValueSpecification","valueRequired":true,"valueName":"search_term_string"}}],"inLanguage":"fr-FR"}]}},"_links":{"self":[{"href":"https:\/\/www.arahf.be\/index.php?rest_route=\/wp\/v2\/pages\/3514","targetHints":{"allow":["GET"]}}],"collection":[{"href":"https:\/\/www.arahf.be\/index.php?rest_route=\/wp\/v2\/pages"}],"about":[{"href":"https:\/\/www.arahf.be\/index.php?rest_route=\/wp\/v2\/types\/page"}],"author":[{"embeddable":true,"href":"https:\/\/www.arahf.be\/index.php?rest_route=\/wp\/v2\/users\/1"}],"replies":[{"embeddable":true,"href":"https:\/\/www.arahf.be\/index.php?rest_route=%2Fwp%2Fv2%2Fcomments&post=3514"}],"version-history":[{"count":46,"href":"https:\/\/www.arahf.be\/index.php?rest_route=\/wp\/v2\/pages\/3514\/revisions"}],"predecessor-version":[{"id":9144,"href":"https:\/\/www.arahf.be\/index.php?rest_route=\/wp\/v2\/pages\/3514\/revisions\/9144"}],"wp:attachment":[{"href":"https:\/\/www.arahf.be\/index.php?rest_route=%2Fwp%2Fv2%2Fmedia&parent=3514"}],"curies":[{"name":"wp","href":"https:\/\/api.w.org\/{rel}","templated":true}]}}